{"id":1521,"date":"2022-05-04T10:44:10","date_gmt":"2022-05-04T07:44:10","guid":{"rendered":"https:\/\/retta.fi\/?page_id=1521"},"modified":"2023-07-12T14:23:53","modified_gmt":"2023-07-12T11:23:53","slug":"ansvar","status":"publish","type":"page","link":"https:\/\/retta.fi\/sv\/lar-kanna-oss\/vilka-ar-vi-och-vad-tror-vi-pa\/ansvar\/","title":{"rendered":"Ansvar"},"content":{"rendered":"<section id=\"acf-block-644a60faea124\" class=\"block block-hero container-fluid ct-beige bg-beige has-bg-pattern\">\n        <div class=\"container\">\n        <div class=\"row\">\n            <div class=\"col-12 col-lg-8 hero-content-col\">\n                <div class=\"hero-content\">\n                    \n\n<h1 class=\"wp-block-heading\">Ansvar<\/h1>\n\n\n                <\/div>\n            <\/div>\n        <\/div>\n    <\/div>\n<\/section>\n\n\n\n<section id=\"acf-block-644a60faea145\" class=\"block block-two-innerblocks container-fluid default-bg has-bg-pattern\">\n    <div class=\"container\">\n        <div class=\"row justify-content-between\">\n            \n<div class=\"block-innerblocks-container-narrow col-12 col-lg-5 entry-content\">\n    \n\n<h2 class=\"wp-block-heading\"><\/h2>\n\n\n<\/div>\n\n\n<div class=\"block-innerblocks-container col-12 col-lg-6 entry-content\">\n    \n\n<p>Ett av Rettas tre v\u00e4rden \u00e4r \u201dVi agerar ansvarsfullt\u201d. Enligt den tar vi ansvar f\u00f6r morgondagen b\u00e5de p\u00e5 f\u00f6retags- som personlig niv\u00e5. V\u00e5ra val styrs av ansvar f\u00f6r varandra, v\u00e5ra kunder, milj\u00f6n, samh\u00e4llet och ekonomisk framg\u00e5ng. V\u00e5r verksamhet grundar sig p\u00e5 \u00f6ppenhet och \u00e4rlighet.<\/p>\n\n\n\n<p>Bekanta dig med v\u00e5r ansvarsrapport!<\/p>\n\n\n<div class=\"element block-files ct-beige bg-beige\">\n        <a href=\"https:\/\/retta.fi\/wp-content\/uploads\/2023\/07\/Retta-sustainability-report-Final-2023-07-12.pdf\" class=\"file-download-link\" download target=\"_blank\">\n        <span class=\"file-title\">Responsibility report 2022<\/span>\n            <\/a>\n    <\/div>\n\n\n<\/div>\n\n        <\/div>\n    <\/div>\n<\/section>\n\n\n<section id=\"acf-block-644a60faea17c\"    class=\"block block-image-and-content container-fluid ct-beige bg-beige has-bg-pattern\">\n    <div class=\"container\">\n        <div class=\"row justify-content-between\">\n            <div class=\"col-12 col-lg-6  img-col\">\n                <div class=\"wp-block-image\">\n                    <div class=\"alignleft\"><img decoding=\"async\" src=\"https:\/\/retta.fi\/wp-content\/uploads\/2022\/05\/Linda-Marthon-Hestian-toimitusjohtajaksi.jpg\" width=\"780\" height=\"390\" alt=\"\" loading=\"lazy\"><\/div>\n                <\/div>\n            <\/div>\n            <div class=\"col-12 col-lg-5\">\n                <main class=\"entry-content\">\n                    \n\n<h2 class=\"wp-block-heading\">Linda Marthon<\/h2>\n\n\n\n<p>Tillv\u00e4xts- och h\u00e5llbarhetsdirekt\u00f6r, Retta<\/p>\n\n\n\n<p>&#8221;Efter att ha arbetat i den nordiska fastighetsbranschen i n\u00e4stan 20 \u00e5r ser jag ett m\u00e4rkbart \u00f6kat h\u00e5llbarhetsfokus under de senaste \u00e5ren. Medvetenheten om branschens energif\u00f6rbrukning och v\u00e4xthusgasutsl\u00e4pp \u00f6kar snabbt bland alla intressenter. Jag gl\u00e4der mig ocks\u00e5 \u00f6ver att se hur f\u00f6retagens h\u00e5llbarhetsagenda har ut\u00f6kats till att omfatta \u00e4ven samh\u00e4llsansvar och adekvat bolagsstyrning, vilket jag anser vara nyckeln till att f\u00f6retag ska agera ansvarsfullt med l\u00e5ngsiktigt fokus.<\/p>\n\n\n\n<p>V\u00e5rt m\u00e5l som f\u00f6retag \u00e4r att ha n\u00f6jda anst\u00e4llda och kunder samt en l\u00f6nsam tillv\u00e4xt. D\u00e5 ESG och h\u00e5llbarhet \u00e4r helt integrerade i v\u00e5r verksamhetsmodell och i allt Retta g\u00f6r \u00e4r jag \u00f6vertygad om att vi kan s\u00e4kra ett best\u00e5ende aff\u00e4rsv\u00e4rde f\u00f6r v\u00e5ra kunder samt stolta och engagerade anst\u00e4llda.<br>Vi vill erbjuda v\u00e5ra kunder f\u00f6rstklassiga h\u00e5llbarhetstj\u00e4nster och med v\u00e5r nordiska approach och geografiska t\u00e4ckning har vi m\u00f6jlighet att positivt p\u00e5verka v\u00e5ra kunder, hyresg\u00e4ster, leverant\u00f6rer och den byggda milj\u00f6n.&#8221;<\/p>\n\n\n                <\/main>\n            <\/div>\n        <\/div>\n    <\/div>\n<\/section>","protected":false},"excerpt":{"rendered":"","protected":false},"author":31,"featured_media":0,"parent":492,"menu_order":0,"comment_status":"closed","ping_status":"closed","template":"","meta":{"_acf_changed":false,"_relevanssi_hide_post":"","_relevanssi_hide_content":"","_relevanssi_pin_for_all":"","_relevanssi_pin_keywords":"","_relevanssi_unpin_keywords":"","_relevanssi_related_keywords":"","_relevanssi_related_include_ids":"","_relevanssi_related_exclude_ids":"","_relevanssi_related_no_append":"","_relevanssi_related_not_related":"","_relevanssi_related_posts":"6682,1912,1878,1896,1898,1892","_relevanssi_noindex_reason":"","footnotes":""},"class_list":["post-1521","page","type-page","status-publish","hentry"],"acf":[],"yoast_head":"<!-- This site is optimized with the Yoast SEO plugin v27.4 - https:\/\/yoast.com\/product\/yoast-seo-wordpress\/ -->\n<title>Ansvar - Retta<\/title>\n<meta name=\"description\" content=\"Ansvar Ett av Rettas tre v\u00e4rden \u00e4r \u201dVi agerar ansvarsfullt\u201d. Enligt den tar vi ansvar f\u00f6r morgondagen b\u00e5de p\u00e5 f\u00f6retags- som personlig niv\u00e5. V\u00e5ra val styrs\" \/>\n<meta name=\"robots\" content=\"index, follow, max-snippet:-1, max-image-preview:large, max-video-preview:-1\" \/>\n<link rel=\"canonical\" href=\"https:\/\/retta.fi\/sv\/lar-kanna-oss\/vilka-ar-vi-och-vad-tror-vi-pa\/ansvar\/\" \/>\n<meta property=\"og:locale\" content=\"sv_SE\" \/>\n<meta property=\"og:type\" content=\"article\" \/>\n<meta property=\"og:title\" content=\"Ansvar - Retta\" \/>\n<meta property=\"og:description\" content=\"Ansvar Ett av Rettas tre v\u00e4rden \u00e4r \u201dVi agerar ansvarsfullt\u201d. Enligt den tar vi ansvar f\u00f6r morgondagen b\u00e5de p\u00e5 f\u00f6retags- som personlig niv\u00e5. V\u00e5ra val styrs\" \/>\n<meta property=\"og:url\" content=\"https:\/\/retta.fi\/sv\/lar-kanna-oss\/vilka-ar-vi-och-vad-tror-vi-pa\/ansvar\/\" \/>\n<meta property=\"og:site_name\" content=\"Retta\" \/>\n<meta property=\"article:modified_time\" content=\"2023-07-12T11:23:53+00:00\" \/>\n<meta property=\"og:image\" content=\"https:\/\/retta.fi\/wp-content\/uploads\/2022\/04\/retta_somejako.png\" \/>\n\t<meta property=\"og:image:width\" content=\"1200\" \/>\n\t<meta property=\"og:image:height\" content=\"630\" \/>\n\t<meta property=\"og:image:type\" content=\"image\/png\" \/>\n<meta name=\"twitter:card\" content=\"summary_large_image\" \/>\n<script type=\"application\/ld+json\" class=\"yoast-schema-graph\">{\"@context\":\"https:\\\/\\\/schema.org\",\"@graph\":[{\"@type\":\"WebPage\",\"@id\":\"https:\\\/\\\/retta.fi\\\/sv\\\/lar-kanna-oss\\\/vilka-ar-vi-och-vad-tror-vi-pa\\\/ansvar\\\/\",\"url\":\"https:\\\/\\\/retta.fi\\\/sv\\\/lar-kanna-oss\\\/vilka-ar-vi-och-vad-tror-vi-pa\\\/ansvar\\\/\",\"name\":\"Ansvar - Retta\",\"isPartOf\":{\"@id\":\"https:\\\/\\\/retta.fi\\\/sv\\\/#website\"},\"datePublished\":\"2022-05-04T07:44:10+00:00\",\"dateModified\":\"2023-07-12T11:23:53+00:00\",\"description\":\"Ansvar Ett av Rettas tre v\u00e4rden \u00e4r \u201dVi agerar ansvarsfullt\u201d. Enligt den tar vi ansvar f\u00f6r morgondagen b\u00e5de p\u00e5 f\u00f6retags- som personlig niv\u00e5. V\u00e5ra val styrs\",\"breadcrumb\":{\"@id\":\"https:\\\/\\\/retta.fi\\\/sv\\\/lar-kanna-oss\\\/vilka-ar-vi-och-vad-tror-vi-pa\\\/ansvar\\\/#breadcrumb\"},\"inLanguage\":\"sv-SE\",\"potentialAction\":[{\"@type\":\"ReadAction\",\"target\":[\"https:\\\/\\\/retta.fi\\\/sv\\\/lar-kanna-oss\\\/vilka-ar-vi-och-vad-tror-vi-pa\\\/ansvar\\\/\"]}]},{\"@type\":\"BreadcrumbList\",\"@id\":\"https:\\\/\\\/retta.fi\\\/sv\\\/lar-kanna-oss\\\/vilka-ar-vi-och-vad-tror-vi-pa\\\/ansvar\\\/#breadcrumb\",\"itemListElement\":[{\"@type\":\"ListItem\",\"position\":1,\"name\":\"Framsida\",\"item\":\"https:\\\/\\\/retta.fi\\\/sv\\\/\"},{\"@type\":\"ListItem\",\"position\":2,\"name\":\"L\u00e4r k\u00e4nna oss\",\"item\":\"https:\\\/\\\/retta.fi\\\/sv\\\/lar-kanna-oss\\\/\"},{\"@type\":\"ListItem\",\"position\":3,\"name\":\"Vilka \u00e4r vi och vad tror vi p\u00e5\",\"item\":\"https:\\\/\\\/retta.fi\\\/sv\\\/lar-kanna-oss\\\/vilka-ar-vi-och-vad-tror-vi-pa\\\/\"},{\"@type\":\"ListItem\",\"position\":4,\"name\":\"Ansvar\"}]},{\"@type\":\"WebSite\",\"@id\":\"https:\\\/\\\/retta.fi\\\/sv\\\/#website\",\"url\":\"https:\\\/\\\/retta.fi\\\/sv\\\/\",\"name\":\"Retta\",\"description\":\"\",\"publisher\":{\"@id\":\"https:\\\/\\\/retta.fi\\\/sv\\\/#organization\"},\"potentialAction\":[{\"@type\":\"SearchAction\",\"target\":{\"@type\":\"EntryPoint\",\"urlTemplate\":\"https:\\\/\\\/retta.fi\\\/sv\\\/?s={search_term_string}\"},\"query-input\":{\"@type\":\"PropertyValueSpecification\",\"valueRequired\":true,\"valueName\":\"search_term_string\"}}],\"inLanguage\":\"sv-SE\"},{\"@type\":\"Organization\",\"@id\":\"https:\\\/\\\/retta.fi\\\/sv\\\/#organization\",\"name\":\"Retta\",\"url\":\"https:\\\/\\\/retta.fi\\\/sv\\\/\",\"logo\":{\"@type\":\"ImageObject\",\"inLanguage\":\"sv-SE\",\"@id\":\"https:\\\/\\\/retta.fi\\\/sv\\\/#\\\/schema\\\/logo\\\/image\\\/\",\"url\":\"https:\\\/\\\/retta.fi\\\/wp-content\\\/uploads\\\/2022\\\/04\\\/retta_somejako.png\",\"contentUrl\":\"https:\\\/\\\/retta.fi\\\/wp-content\\\/uploads\\\/2022\\\/04\\\/retta_somejako.png\",\"width\":1200,\"height\":630,\"caption\":\"Retta\"},\"image\":{\"@id\":\"https:\\\/\\\/retta.fi\\\/sv\\\/#\\\/schema\\\/logo\\\/image\\\/\"}}]}<\/script>\n<!-- \/ Yoast SEO plugin. -->","yoast_head_json":{"title":"Ansvar - Retta","description":"Ansvar Ett av Rettas tre v\u00e4rden \u00e4r \u201dVi agerar ansvarsfullt\u201d. Enligt den tar vi ansvar f\u00f6r morgondagen b\u00e5de p\u00e5 f\u00f6retags- som personlig niv\u00e5. V\u00e5ra val styrs","robots":{"index":"index","follow":"follow","max-snippet":"max-snippet:-1","max-image-preview":"max-image-preview:large","max-video-preview":"max-video-preview:-1"},"canonical":"https:\/\/retta.fi\/sv\/lar-kanna-oss\/vilka-ar-vi-och-vad-tror-vi-pa\/ansvar\/","og_locale":"sv_SE","og_type":"article","og_title":"Ansvar - Retta","og_description":"Ansvar Ett av Rettas tre v\u00e4rden \u00e4r \u201dVi agerar ansvarsfullt\u201d. Enligt den tar vi ansvar f\u00f6r morgondagen b\u00e5de p\u00e5 f\u00f6retags- som personlig niv\u00e5. V\u00e5ra val styrs","og_url":"https:\/\/retta.fi\/sv\/lar-kanna-oss\/vilka-ar-vi-och-vad-tror-vi-pa\/ansvar\/","og_site_name":"Retta","article_modified_time":"2023-07-12T11:23:53+00:00","og_image":[{"width":1200,"height":630,"url":"https:\/\/retta.fi\/wp-content\/uploads\/2022\/04\/retta_somejako.png","type":"image\/png"}],"twitter_card":"summary_large_image","schema":{"@context":"https:\/\/schema.org","@graph":[{"@type":"WebPage","@id":"https:\/\/retta.fi\/sv\/lar-kanna-oss\/vilka-ar-vi-och-vad-tror-vi-pa\/ansvar\/","url":"https:\/\/retta.fi\/sv\/lar-kanna-oss\/vilka-ar-vi-och-vad-tror-vi-pa\/ansvar\/","name":"Ansvar - Retta","isPartOf":{"@id":"https:\/\/retta.fi\/sv\/#website"},"datePublished":"2022-05-04T07:44:10+00:00","dateModified":"2023-07-12T11:23:53+00:00","description":"Ansvar Ett av Rettas tre v\u00e4rden \u00e4r \u201dVi agerar ansvarsfullt\u201d. Enligt den tar vi ansvar f\u00f6r morgondagen b\u00e5de p\u00e5 f\u00f6retags- som personlig niv\u00e5. V\u00e5ra val styrs","breadcrumb":{"@id":"https:\/\/retta.fi\/sv\/lar-kanna-oss\/vilka-ar-vi-och-vad-tror-vi-pa\/ansvar\/#breadcrumb"},"inLanguage":"sv-SE","potentialAction":[{"@type":"ReadAction","target":["https:\/\/retta.fi\/sv\/lar-kanna-oss\/vilka-ar-vi-och-vad-tror-vi-pa\/ansvar\/"]}]},{"@type":"BreadcrumbList","@id":"https:\/\/retta.fi\/sv\/lar-kanna-oss\/vilka-ar-vi-och-vad-tror-vi-pa\/ansvar\/#breadcrumb","itemListElement":[{"@type":"ListItem","position":1,"name":"Framsida","item":"https:\/\/retta.fi\/sv\/"},{"@type":"ListItem","position":2,"name":"L\u00e4r k\u00e4nna oss","item":"https:\/\/retta.fi\/sv\/lar-kanna-oss\/"},{"@type":"ListItem","position":3,"name":"Vilka \u00e4r vi och vad tror vi p\u00e5","item":"https:\/\/retta.fi\/sv\/lar-kanna-oss\/vilka-ar-vi-och-vad-tror-vi-pa\/"},{"@type":"ListItem","position":4,"name":"Ansvar"}]},{"@type":"WebSite","@id":"https:\/\/retta.fi\/sv\/#website","url":"https:\/\/retta.fi\/sv\/","name":"Retta","description":"","publisher":{"@id":"https:\/\/retta.fi\/sv\/#organization"},"potentialAction":[{"@type":"SearchAction","target":{"@type":"EntryPoint","urlTemplate":"https:\/\/retta.fi\/sv\/?s={search_term_string}"},"query-input":{"@type":"PropertyValueSpecification","valueRequired":true,"valueName":"search_term_string"}}],"inLanguage":"sv-SE"},{"@type":"Organization","@id":"https:\/\/retta.fi\/sv\/#organization","name":"Retta","url":"https:\/\/retta.fi\/sv\/","logo":{"@type":"ImageObject","inLanguage":"sv-SE","@id":"https:\/\/retta.fi\/sv\/#\/schema\/logo\/image\/","url":"https:\/\/retta.fi\/wp-content\/uploads\/2022\/04\/retta_somejako.png","contentUrl":"https:\/\/retta.fi\/wp-content\/uploads\/2022\/04\/retta_somejako.png","width":1200,"height":630,"caption":"Retta"},"image":{"@id":"https:\/\/retta.fi\/sv\/#\/schema\/logo\/image\/"}}]}},"_links":{"self":[{"href":"https:\/\/retta.fi\/sv\/wp-json\/wp\/v2\/pages\/1521","targetHints":{"allow":["GET"]}}],"collection":[{"href":"https:\/\/retta.fi\/sv\/wp-json\/wp\/v2\/pages"}],"about":[{"href":"https:\/\/retta.fi\/sv\/wp-json\/wp\/v2\/types\/page"}],"author":[{"embeddable":true,"href":"https:\/\/retta.fi\/sv\/wp-json\/wp\/v2\/users\/31"}],"replies":[{"embeddable":true,"href":"https:\/\/retta.fi\/sv\/wp-json\/wp\/v2\/comments?post=1521"}],"version-history":[{"count":15,"href":"https:\/\/retta.fi\/sv\/wp-json\/wp\/v2\/pages\/1521\/revisions"}],"predecessor-version":[{"id":27829,"href":"https:\/\/retta.fi\/sv\/wp-json\/wp\/v2\/pages\/1521\/revisions\/27829"}],"up":[{"embeddable":true,"href":"https:\/\/retta.fi\/sv\/wp-json\/wp\/v2\/pages\/492"}],"wp:attachment":[{"href":"https:\/\/retta.fi\/sv\/wp-json\/wp\/v2\/media?parent=1521"}],"curies":[{"name":"wp","href":"https:\/\/api.w.org\/{rel}","templated":true}]}}