{"id":54637,"date":"2025-12-31T14:56:25","date_gmt":"2025-12-31T12:56:25","guid":{"rendered":"https:\/\/retta.fi\/?post_type=offices&#038;p=54637"},"modified":"2026-01-07T15:39:18","modified_gmt":"2026-01-07T13:39:18","slug":"retta-isannointi-karleby-2","status":"publish","type":"offices","link":"https:\/\/retta.fi\/sv\/retta-isannointi-karleby-2\/","title":{"rendered":"Retta Is\u00e4nn\u00f6inti, Karleby"},"content":{"rendered":"\n<section id=\"acf-block-67f79ad884828\" class=\"block block-promo container-fluid ct-darkgreen bg-darkgreen has-bg-pattern\">\n    <div class=\"container\">\n                    <div class=\"promo-head fixed-width entry-content text-center\">\n                                    <p class=\"pre-title h4\">Retta Is\u00e4nn\u00f6inti Kokkola<\/p>\n                \n                                    <h2 class=\"h1\">Alueen parasta is\u00e4nn\u00f6inti\u00e4 sinunkin taloyhti\u00f6llesi<\/h2>\n                                                    <div class=\"promo-cta-wrap\">\n                                                    <a href=\"#pyyd\u00e4-tarjous-kokkola\" class=\"cta button\" >Pyyd\u00e4 tarjous<\/a>                                                                    <\/div>\n                                            <\/div>\n        \n                    <div class=\"promo-img\">\n                <img fetchpriority=\"high\" decoding=\"async\" src=\"https:\/\/retta.fi\/wp-content\/uploads\/2025\/07\/Kaikki-rivi-1920x1280.jpg\" width=\"864\" height=\"576\" alt=\"\" loading=\"eager\" data-no-lqip=\"true\">            <\/div>\n        \n                    <div class=\"promo-title-content fixed-width\">\n                                    <div class=\"entry-content\">\n                        <h2 class=\"h1\">Monta syyt\u00e4 valita vahva ja huolehtiva kumppani.<\/h2>\n                    <\/div>\n                \n                                    <div class=\"entry-content\">\n                        <p data-start=\"199\" data-end=\"265\"><strong data-start=\"199\" data-end=\"265\">Retta Is\u00e4nn\u00f6inti Karleby \u2013 lokal expertis med nationell styrka<\/strong><\/p>\n<p data-start=\"267\" data-end=\"435\">Retta Is\u00e4nn\u00f6inti i Karleby erbjuder tillf\u00f6rlitlig och sakkunnig fastighetsf\u00f6rvaltning genom att f\u00f6rena stark lokalk\u00e4nnedom med st\u00f6det fr\u00e5n en rikst\u00e4ckande organisation.<\/p>\n<p data-start=\"437\" data-end=\"620\">V\u00e5rt kontor betj\u00e4nar bostadsaktiebolag och fastighetsbolag p\u00e5 ett effektivt och kundorienterat s\u00e4tt. Vi ser till att din fastighet sk\u00f6ts planm\u00e4ssigt, transparent och med h\u00f6g kvalitet.<\/p>\n<p data-start=\"622\" data-end=\"768\">Teamet i Karleby best\u00e5r av erfarna och utbildade yrkespersoner inom fastighetsf\u00f6rvaltning, f\u00f6r vilka fastighetens v\u00e4lm\u00e5ende alltid st\u00e5r i centrum.<\/p>\n<p data-start=\"770\" data-end=\"917\">F\u00f6r oss \u00e4r det viktigt att bygga l\u00e5ngsiktiga kundrelationer och att fungera som en aktiv partner i utvecklingen av fastighetens vardag och framtid.<\/p>\n<p data-start=\"919\" data-end=\"1066\">Vi erbjuder moderna digitala tj\u00e4nster, bred sakkunskap och tillr\u00e4ckliga resurser f\u00f6r att fastighetsf\u00f6rvaltningen ska fungera smidigt och effektivt.<\/p>\n<p data-start=\"1068\" data-end=\"1183\">V\u00e4lkommen att utr\u00e4tta dina \u00e4renden hos Retta Is\u00e4nn\u00f6inti Karlebys kontor \u2013 hos oss \u00e4r din fastighet i trygga h\u00e4nder.<\/p>\n                    <\/div>\n                            <\/div>\n        \n                    <div class=\"promo-indicators fixed-width row\">\n                                    <div class=\"indicator col-12 col-md-6 col-lg-4\">\n                        <span class=\"h2\">9\/10<\/span>\n                        <p>Suurin osa asiakkaistamme suosittelee meit\u00e4<\/p>\n                    <\/div>\n                                    <div class=\"indicator col-12 col-md-6 col-lg-4\">\n                        <span class=\"h2\">6000<\/span>\n                        <p>Tyytyv\u00e4ist\u00e4 asiakasta ymp\u00e4ri Suomen<\/p>\n                    <\/div>\n                                    <div class=\"indicator col-12 col-md-6 col-lg-4\">\n                        <span class=\"h2\">24\/7<\/span>\n                        <p>Asiakaspalvelua hallituksille ja asukkaille<\/p>\n                    <\/div>\n                                    <div class=\"indicator col-12 col-md-6 col-lg-4\">\n                        <span class=\"h2\">\u20ac\u20ac\u20ac<\/span>\n                        <p>Kustannuss\u00e4\u00e4st\u00f6j\u00e4 taloyhti\u00f6llesi<\/p>\n                    <\/div>\n                                    <div class=\"indicator col-12 col-md-6 col-lg-4\">\n                        <span class=\"h2\">100 %<\/span>\n                        <p>Auktorisoitua ammattitaitoa<\/p>\n                    <\/div>\n                                    <div class=\"indicator col-12 col-md-6 col-lg-4\">\n                        <span class=\"h2\">100 %<\/span>\n                        <p>Tyytyv\u00e4isyystakuu<\/p>\n                    <\/div>\n                            <\/div>\n        \n                    <div class=\"promo-foot fixed-width\">\n                <a href=\"#pyyd\u00e4-tarjous-kokkola\" class=\"cta button promo-cta\" >Kiinnostuitko? J\u00e4t\u00e4 tarjouspyynt\u00f6<\/a>\n                            <\/div>\n        \n            <\/div>\n<\/section>\n\n\n\n\n<h2 class=\"wp-block-heading has-text-align-center\">Parasta is\u00e4nn\u00f6intipalvelua<\/h2>\n\n\n\n<div style=\"height:100px\" aria-hidden=\"true\" class=\"wp-block-spacer\"><\/div>\n\n\n\n<section id=\"pyyd\u00e4-tajous-ruotsi-tornio\" class=\"block block-two-innerblocks container-fluid ct-darkgreen bg-darkgreen has-bg-pattern\">\n    <div class=\"container\">\n        <div class=\"row justify-content-between\">\n            \n<div class=\"block-innerblocks-container-narrow col-12 col-lg-5 entry-content\">\n    \n\n<p><\/p>\n\n\n\n<script src=\"https:\/\/js-eu1.hsforms.net\/forms\/embed\/146034337.js\" defer><\/script>\r\n<div class=\"hs-form-frame\" data-region=\"eu1\" data-form-id=\"b6195e7c-5948-4b5f-b468-2b6733c3add9\" data-portal-id=\"146034337\"><\/div>\n\n\n<\/div>\n\n\n<div class=\"block-innerblocks-container col-12 col-lg-6 entry-content\">\n    \n\n<h4 class=\"wp-block-heading\" id=\"pyyd\u00e4-tarjous-raasepori\">Du kan ocks\u00e5 ringa oss n\u00e4r som helst<\/h4>\n\n\n\n<p>Vi ber\u00e4ttar g\u00e4rna om v\u00e5ra tj\u00e4nster och de f\u00f6rdelar vi kan erbjuda er bostadsr\u00e4ttsf\u00f6rening. N\u00e4r vi k\u00e4nner till era behov kan vi skr\u00e4ddarsy en tj\u00e4nstehelhet som passar just er.<br><\/p>\n\n\n<div class=\"element block-people\">\n\n    <div class=\"row card-list\">\n                <div class=\"col-6 card-col\">\n            \n<div class=\"card card-people default\">\n    <div class=\"card-thumbnail\">\n        <div class=\"fitted-img-container pos-center-top\">\n                                                <img decoding=\"async\" width=\"360\" height=\"450\" src=\"https:\/\/retta.fi\/wp-content\/uploads\/2022\/08\/Elisa-Rannila-360x450.jpg\" class=\"attachment-thumbnail size-thumbnail wp-post-image\" alt=\"\" srcset=\"https:\/\/retta.fi\/wp-content\/uploads\/2022\/08\/Elisa-Rannila-360x450.jpg 360w, https:\/\/retta.fi\/wp-content\/uploads\/2022\/08\/Elisa-Rannila-632x790.jpg 632w, https:\/\/retta.fi\/wp-content\/uploads\/2022\/08\/Elisa-Rannila-768x960.jpg 768w, https:\/\/retta.fi\/wp-content\/uploads\/2022\/08\/Elisa-Rannila.jpg 1176w\" sizes=\"(max-width: 991px) 290px, 360px\" \/>                            \n                    <\/div>\n    <\/div>\n\n    <div class=\"card-content\">\n                    <div class=\"card-title\">Elisa Rannila<\/div>\n        \n        <div class=\"people-fields\">\n                                                <div class=\"job-title people-field\">Yksik\u00f6np\u00e4\u00e4llikk\u00f6, AIT, IEAT<\/div>\n                \n                <div class=\"people-fields-spacer\"><\/div>\n\n                                    <div class=\"phone people-field\">\n                        <a href=\"tel:040 549 5445\">040 549 5445<\/a>\n                    <\/div>\n                \n                                    <div class=\"email people-field\">\n                        <a href=\"mailto:elisa.rannila@retta.fi\">elisa.rannila@retta.fi<\/a>\n                    <\/div>\n                \n                                    <\/div>\n    <\/div>\n<\/div>\n        <\/div>\n                <div class=\"col-6 card-col\">\n            \n<div class=\"card card-people default\">\n    <div class=\"card-thumbnail\">\n        <div class=\"fitted-img-container pos-center-top\">\n                                                <img decoding=\"async\" width=\"360\" height=\"360\" src=\"https:\/\/retta.fi\/wp-content\/uploads\/2022\/07\/Ari-Raisanen-360x360.jpg\" class=\"attachment-thumbnail size-thumbnail wp-post-image\" alt=\"\" srcset=\"https:\/\/retta.fi\/wp-content\/uploads\/2022\/07\/Ari-Raisanen-360x360.jpg 360w, https:\/\/retta.fi\/wp-content\/uploads\/2022\/07\/Ari-Raisanen-632x632.jpg 632w, https:\/\/retta.fi\/wp-content\/uploads\/2022\/07\/Ari-Raisanen-768x768.jpg 768w, https:\/\/retta.fi\/wp-content\/uploads\/2022\/07\/Ari-Raisanen-1920x1920.jpg 1920w\" sizes=\"(max-width: 991px) 290px, 360px\" \/>                            \n                    <\/div>\n    <\/div>\n\n    <div class=\"card-content\">\n                    <div class=\"card-title\">Ari R\u00e4is\u00e4nen<\/div>\n        \n        <div class=\"people-fields\">\n                                                <div class=\"job-title people-field\">Myynti I Pohjois-Suomi<\/div>\n                \n                <div class=\"people-fields-spacer\"><\/div>\n\n                                    <div class=\"phone people-field\">\n                        <a href=\"tel:040 614 6819\">040 614 6819<\/a>\n                    <\/div>\n                \n                                    <div class=\"email people-field\">\n                        <a href=\"mailto:ari.raisanen@retta.fi\">ari.raisanen@retta.fi<\/a>\n                    <\/div>\n                \n                                    <\/div>\n    <\/div>\n<\/div>\n        <\/div>\n            <\/div>\n\n    <\/div>\n\n\n<\/div>\n\n        <\/div>\n    <\/div>\n<\/section>\n\n\n<div style=\"height:6px\" aria-hidden=\"true\" class=\"wp-block-spacer\"><\/div>\n\n\n\n<section id=\"acf-block-69528335ae54d\"    class=\"block block-contacts-5050 container-fluid ct-darkgreen bg-darkgreen has-bg-pattern\">\n    <div class=\"container\">\n        <div class=\"fixed-width entry-content\">\n            \n\n<div class=\"wp-block-columns is-style-default is-layout-flex wp-container-core-columns-is-layout-9d6595d7 wp-block-columns-is-layout-flex\">\n<div class=\"wp-block-column is-layout-flow wp-block-column-is-layout-flow\">\n<h2 class=\"wp-block-heading\">Kontakta oss<\/h2>\n<\/div>\n\n\n\n<div class=\"wp-block-column is-layout-flow wp-block-column-is-layout-flow\"><div class=\"micro-element opening-hours-info\">\n            <div class=\"opening-hours-content\">\n                            <div class=\"opening-hours-text\">\n                    <p><strong>Kontorets kontaktuppgifter<\/strong><br \/>\nStrandgatan 14, 67100 Karleby<\/p>\n                <\/div>\n            \n            \n                            <div class=\"opening-hours-text\">\n                    <p><strong>\u00d6ppettider<\/strong><br>\n                        <p>m\u00e5n-tors 10-16, fre enligt \u00f6verenskommelse<\/p>\n<\/p>\n                <\/div>\n            \n            \n                            <div class=\"opening-hours-text\">\n                    <p><strong>Telefontj\u00e4nst:<\/strong><br \/>\nM\u00e5n\u2013tors 9\u201315 och fre 9\u201313<br \/>\n<a href=\"tel:010 228 1400\">010 228 1400<\/a><br \/>\nDu kan ocks\u00e5 g\u00f6ra aff\u00e4rer elektroniskt i Oma Retta-tj\u00e4nsten 24\/7.<\/p>\n                <\/div>\n                    <\/div>\n\n                \n    <\/div>\n\n\n\n<div class=\"wp-block-buttons is-layout-flex wp-block-buttons-is-layout-flex\">\n<div class=\"wp-block-button is-style-arrow-button-green\"><a class=\"wp-block-button__link wp-element-button\" href=\"http:\/\/www.omaretta.fi\" target=\"_blank\" rel=\"noopener noreferrer nofollow\"><strong>G\u00e5 till OmaRetta-tj\u00e4nsten<\/strong><\/a><\/div>\n<\/div>\n\n\n\n<div class=\"wp-block-buttons is-layout-flex wp-block-buttons-is-layout-flex\">\n<div class=\"wp-block-button is-style-arrow-button-beige\"><a class=\"wp-block-button__link wp-element-button\" href=\"tel:010 228 1400\"><strong>Ring kundtj\u00e4nsten<\/strong><\/a><\/div>\n<\/div>\n\n\n\n<p><\/p>\n<\/div>\n<\/div>\n\n\n        <\/div>\n    <\/div>\n<\/section>","protected":false},"excerpt":{"rendered":"<p>Parasta is\u00e4nn\u00f6intipalvelua<\/p>\n","protected":false},"featured_media":51758,"template":"","class_list":["post-54637","offices","type-offices","status-publish","has-post-thumbnail","hentry"],"acf":[],"yoast_head":"<!-- This site is optimized with the Yoast SEO plugin v27.4 - https:\/\/yoast.com\/product\/yoast-seo-wordpress\/ -->\n<title>Retta Is\u00e4nn\u00f6inti, Karleby - Retta<\/title>\n<meta name=\"robots\" content=\"index, follow, max-snippet:-1, max-image-preview:large, max-video-preview:-1\" \/>\n<link rel=\"canonical\" href=\"https:\/\/retta.fi\/sv\/retta-isannointi-karleby-2\/\" \/>\n<meta property=\"og:locale\" content=\"sv_SE\" \/>\n<meta property=\"og:type\" content=\"article\" \/>\n<meta property=\"og:title\" content=\"Retta Is\u00e4nn\u00f6inti, Karleby - Retta\" \/>\n<meta property=\"og:description\" content=\"Parasta is\u00e4nn\u00f6intipalvelua\" \/>\n<meta property=\"og:url\" content=\"https:\/\/retta.fi\/sv\/retta-isannointi-karleby-2\/\" \/>\n<meta property=\"og:site_name\" content=\"Retta\" \/>\n<meta property=\"article:modified_time\" content=\"2026-01-07T13:39:18+00:00\" \/>\n<meta property=\"og:image\" content=\"https:\/\/retta.fi\/wp-content\/uploads\/2025\/07\/Kaikki-rivi-scaled.jpg\" \/>\n\t<meta property=\"og:image:width\" content=\"2560\" \/>\n\t<meta property=\"og:image:height\" content=\"1707\" \/>\n\t<meta property=\"og:image:type\" content=\"image\/jpeg\" \/>\n<meta name=\"twitter:card\" content=\"summary_large_image\" \/>\n<script type=\"application\/ld+json\" class=\"yoast-schema-graph\">{\"@context\":\"https:\\\/\\\/schema.org\",\"@graph\":[{\"@type\":\"WebPage\",\"@id\":\"https:\\\/\\\/retta.fi\\\/sv\\\/retta-isannointi-karleby-2\\\/\",\"url\":\"https:\\\/\\\/retta.fi\\\/sv\\\/retta-isannointi-karleby-2\\\/\",\"name\":\"Retta Is\u00e4nn\u00f6inti, Karleby - Retta\",\"isPartOf\":{\"@id\":\"https:\\\/\\\/retta.fi\\\/sv\\\/#website\"},\"primaryImageOfPage\":{\"@id\":\"https:\\\/\\\/retta.fi\\\/sv\\\/retta-isannointi-karleby-2\\\/#primaryimage\"},\"image\":{\"@id\":\"https:\\\/\\\/retta.fi\\\/sv\\\/retta-isannointi-karleby-2\\\/#primaryimage\"},\"thumbnailUrl\":\"https:\\\/\\\/retta.fi\\\/wp-content\\\/uploads\\\/2025\\\/07\\\/Kaikki-rivi-scaled.jpg\",\"datePublished\":\"2025-12-31T12:56:25+00:00\",\"dateModified\":\"2026-01-07T13:39:18+00:00\",\"breadcrumb\":{\"@id\":\"https:\\\/\\\/retta.fi\\\/sv\\\/retta-isannointi-karleby-2\\\/#breadcrumb\"},\"inLanguage\":\"sv-SE\",\"potentialAction\":[{\"@type\":\"ReadAction\",\"target\":[\"https:\\\/\\\/retta.fi\\\/sv\\\/retta-isannointi-karleby-2\\\/\"]}]},{\"@type\":\"ImageObject\",\"inLanguage\":\"sv-SE\",\"@id\":\"https:\\\/\\\/retta.fi\\\/sv\\\/retta-isannointi-karleby-2\\\/#primaryimage\",\"url\":\"https:\\\/\\\/retta.fi\\\/wp-content\\\/uploads\\\/2025\\\/07\\\/Kaikki-rivi-scaled.jpg\",\"contentUrl\":\"https:\\\/\\\/retta.fi\\\/wp-content\\\/uploads\\\/2025\\\/07\\\/Kaikki-rivi-scaled.jpg\",\"width\":2560,\"height\":1707},{\"@type\":\"BreadcrumbList\",\"@id\":\"https:\\\/\\\/retta.fi\\\/sv\\\/retta-isannointi-karleby-2\\\/#breadcrumb\",\"itemListElement\":[{\"@type\":\"ListItem\",\"position\":1,\"name\":\"Framsida\",\"item\":\"https:\\\/\\\/retta.fi\\\/sv\\\/\"},{\"@type\":\"ListItem\",\"position\":2,\"name\":\"Retta Is\u00e4nn\u00f6inti, Karleby\"}]},{\"@type\":\"WebSite\",\"@id\":\"https:\\\/\\\/retta.fi\\\/sv\\\/#website\",\"url\":\"https:\\\/\\\/retta.fi\\\/sv\\\/\",\"name\":\"Retta\",\"description\":\"\",\"publisher\":{\"@id\":\"https:\\\/\\\/retta.fi\\\/sv\\\/#organization\"},\"potentialAction\":[{\"@type\":\"SearchAction\",\"target\":{\"@type\":\"EntryPoint\",\"urlTemplate\":\"https:\\\/\\\/retta.fi\\\/sv\\\/?s={search_term_string}\"},\"query-input\":{\"@type\":\"PropertyValueSpecification\",\"valueRequired\":true,\"valueName\":\"search_term_string\"}}],\"inLanguage\":\"sv-SE\"},{\"@type\":\"Organization\",\"@id\":\"https:\\\/\\\/retta.fi\\\/sv\\\/#organization\",\"name\":\"Retta\",\"url\":\"https:\\\/\\\/retta.fi\\\/sv\\\/\",\"logo\":{\"@type\":\"ImageObject\",\"inLanguage\":\"sv-SE\",\"@id\":\"https:\\\/\\\/retta.fi\\\/sv\\\/#\\\/schema\\\/logo\\\/image\\\/\",\"url\":\"https:\\\/\\\/retta.fi\\\/wp-content\\\/uploads\\\/2022\\\/04\\\/retta_somejako.png\",\"contentUrl\":\"https:\\\/\\\/retta.fi\\\/wp-content\\\/uploads\\\/2022\\\/04\\\/retta_somejako.png\",\"width\":1200,\"height\":630,\"caption\":\"Retta\"},\"image\":{\"@id\":\"https:\\\/\\\/retta.fi\\\/sv\\\/#\\\/schema\\\/logo\\\/image\\\/\"}}]}<\/script>\n<!-- \/ Yoast SEO plugin. -->","yoast_head_json":{"title":"Retta Is\u00e4nn\u00f6inti, Karleby - Retta","robots":{"index":"index","follow":"follow","max-snippet":"max-snippet:-1","max-image-preview":"max-image-preview:large","max-video-preview":"max-video-preview:-1"},"canonical":"https:\/\/retta.fi\/sv\/retta-isannointi-karleby-2\/","og_locale":"sv_SE","og_type":"article","og_title":"Retta Is\u00e4nn\u00f6inti, Karleby - Retta","og_description":"Parasta is\u00e4nn\u00f6intipalvelua","og_url":"https:\/\/retta.fi\/sv\/retta-isannointi-karleby-2\/","og_site_name":"Retta","article_modified_time":"2026-01-07T13:39:18+00:00","og_image":[{"width":2560,"height":1707,"url":"https:\/\/retta.fi\/wp-content\/uploads\/2025\/07\/Kaikki-rivi-scaled.jpg","type":"image\/jpeg"}],"twitter_card":"summary_large_image","schema":{"@context":"https:\/\/schema.org","@graph":[{"@type":"WebPage","@id":"https:\/\/retta.fi\/sv\/retta-isannointi-karleby-2\/","url":"https:\/\/retta.fi\/sv\/retta-isannointi-karleby-2\/","name":"Retta Is\u00e4nn\u00f6inti, Karleby - Retta","isPartOf":{"@id":"https:\/\/retta.fi\/sv\/#website"},"primaryImageOfPage":{"@id":"https:\/\/retta.fi\/sv\/retta-isannointi-karleby-2\/#primaryimage"},"image":{"@id":"https:\/\/retta.fi\/sv\/retta-isannointi-karleby-2\/#primaryimage"},"thumbnailUrl":"https:\/\/retta.fi\/wp-content\/uploads\/2025\/07\/Kaikki-rivi-scaled.jpg","datePublished":"2025-12-31T12:56:25+00:00","dateModified":"2026-01-07T13:39:18+00:00","breadcrumb":{"@id":"https:\/\/retta.fi\/sv\/retta-isannointi-karleby-2\/#breadcrumb"},"inLanguage":"sv-SE","potentialAction":[{"@type":"ReadAction","target":["https:\/\/retta.fi\/sv\/retta-isannointi-karleby-2\/"]}]},{"@type":"ImageObject","inLanguage":"sv-SE","@id":"https:\/\/retta.fi\/sv\/retta-isannointi-karleby-2\/#primaryimage","url":"https:\/\/retta.fi\/wp-content\/uploads\/2025\/07\/Kaikki-rivi-scaled.jpg","contentUrl":"https:\/\/retta.fi\/wp-content\/uploads\/2025\/07\/Kaikki-rivi-scaled.jpg","width":2560,"height":1707},{"@type":"BreadcrumbList","@id":"https:\/\/retta.fi\/sv\/retta-isannointi-karleby-2\/#breadcrumb","itemListElement":[{"@type":"ListItem","position":1,"name":"Framsida","item":"https:\/\/retta.fi\/sv\/"},{"@type":"ListItem","position":2,"name":"Retta Is\u00e4nn\u00f6inti, Karleby"}]},{"@type":"WebSite","@id":"https:\/\/retta.fi\/sv\/#website","url":"https:\/\/retta.fi\/sv\/","name":"Retta","description":"","publisher":{"@id":"https:\/\/retta.fi\/sv\/#organization"},"potentialAction":[{"@type":"SearchAction","target":{"@type":"EntryPoint","urlTemplate":"https:\/\/retta.fi\/sv\/?s={search_term_string}"},"query-input":{"@type":"PropertyValueSpecification","valueRequired":true,"valueName":"search_term_string"}}],"inLanguage":"sv-SE"},{"@type":"Organization","@id":"https:\/\/retta.fi\/sv\/#organization","name":"Retta","url":"https:\/\/retta.fi\/sv\/","logo":{"@type":"ImageObject","inLanguage":"sv-SE","@id":"https:\/\/retta.fi\/sv\/#\/schema\/logo\/image\/","url":"https:\/\/retta.fi\/wp-content\/uploads\/2022\/04\/retta_somejako.png","contentUrl":"https:\/\/retta.fi\/wp-content\/uploads\/2022\/04\/retta_somejako.png","width":1200,"height":630,"caption":"Retta"},"image":{"@id":"https:\/\/retta.fi\/sv\/#\/schema\/logo\/image\/"}}]}},"json_ld":{"@context":"https:\/\/schema.org","@type":"LocalBusiness","@id":"https:\/\/retta.fi\/sv\/retta-isannointi-karleby-2#localbusiness","name":"Retta Is\u00e4nn\u00f6inti, Karleby","url":"https:\/\/retta.fi\/sv\/retta-isannointi-karleby-2\/","description":"Retta Is\u00e4nn\u00f6inti Karleby \u2013 lokal expertis med nationell styrka Retta Is\u00e4nn\u00f6inti i Karleby erbjuder tillf\u00f6rlitlig och sakkunnig fastighetsf\u00f6rvaltning genom att f\u00f6rena stark lokalk\u00e4nnedom med st\u00f6det fr\u00e5n en rikst\u00e4ckande organisation.","image":["https:\/\/retta.fi\/wp-content\/uploads\/2025\/07\/Kaikki-rivi-scaled.jpg"],"logo":"https:\/\/retta.fi\/wp-content\/uploads\/2022\/04\/retta-logo.svg","address":{"@type":"PostalAddress","addressCountry":"FI","addressLocality":"Karleby"},"areaServed":{"@type":"Place","address":{"@type":"PostalAddress","addressLocality":"Karleby","addressCountry":"FI"}},"makesOffer":[{"@type":"Offer","itemOffered":{"@type":"Service","name":"Is\u00e4nn\u00f6intipalvelu taloyhti\u00f6ille - Karleby","description":"Asunto- ja kiinteist\u00f6osakeyhti\u00f6iden sek\u00e4 liikekiinteist\u00f6jen is\u00e4nn\u00f6inti, talouspalvelut ja tekninen is\u00e4nn\u00f6inti.","provider":{"@id":"https:\/\/retta.fi\/sv\/retta-isannointi-karleby-2#localbusiness"}}}],"slogan":"Alueen parasta is\u00e4nn\u00f6inti\u00e4 sinunkin taloyhti\u00f6llesi","hasCredential":{"@type":"EducationalOccupationalCredential","name":"ISA-auktorisoitu is\u00e4nn\u00f6intitoimisto"}},"_links":{"self":[{"href":"https:\/\/retta.fi\/sv\/wp-json\/wp\/v2\/offices\/54637","targetHints":{"allow":["GET"]}}],"collection":[{"href":"https:\/\/retta.fi\/sv\/wp-json\/wp\/v2\/offices"}],"about":[{"href":"https:\/\/retta.fi\/sv\/wp-json\/wp\/v2\/types\/offices"}],"version-history":[{"count":2,"href":"https:\/\/retta.fi\/sv\/wp-json\/wp\/v2\/offices\/54637\/revisions"}],"predecessor-version":[{"id":54950,"href":"https:\/\/retta.fi\/sv\/wp-json\/wp\/v2\/offices\/54637\/revisions\/54950"}],"wp:featuredmedia":[{"embeddable":true,"href":"https:\/\/retta.fi\/sv\/wp-json\/wp\/v2\/media\/51758"}],"wp:attachment":[{"href":"https:\/\/retta.fi\/sv\/wp-json\/wp\/v2\/media?parent=54637"}],"curies":[{"name":"wp","href":"https:\/\/api.w.org\/{rel}","templated":true}]}}